{"id":132,"date":"2025-08-07T18:08:28","date_gmt":"2025-08-07T16:08:28","guid":{"rendered":"https:\/\/www.dominot.pl\/?page_id=132"},"modified":"2025-08-18T22:55:16","modified_gmt":"2025-08-18T20:55:16","slug":"inne-konkursy-organizowane-przez-not","status":"publish","type":"page","link":"https:\/\/www.dominot.pl\/index.php\/inne-konkursy-organizowane-przez-not\/","title":{"rendered":"Inne konkursy organizowane przez NOT"},"content":{"rendered":"\n<h2 class=\"wp-block-heading has-heading-color has-text-color has-link-color has-extra-large-font-size wp-elements-ef2709b038fc205786d5e000867e0862\">Podejmij wyzwanie i poka\u017c nam swoje talenty techniczne<\/h2>\n\n\n\n<figure class=\"wp-block-image size-full is-resized\"><img loading=\"lazy\" decoding=\"async\" width=\"824\" height=\"462\" src=\"https:\/\/www.dominot.pl\/wp-content\/uploads\/2025\/08\/image.png\" alt=\"\" class=\"wp-image-188\" style=\"width:264px;height:auto\" srcset=\"https:\/\/www.dominot.pl\/wp-content\/uploads\/2025\/08\/image.png 824w, https:\/\/www.dominot.pl\/wp-content\/uploads\/2025\/08\/image-300x168.png 300w, https:\/\/www.dominot.pl\/wp-content\/uploads\/2025\/08\/image-768x431.png 768w\" sizes=\"auto, (max-width: 824px) 100vw, 824px\" \/><\/figure>\n\n\n\n<p class=\"has-heading-color has-text-color has-link-color wp-elements-6ddfc47602bd27aea27507b32f433b5a\">Konkurs odbywa si\u0119 pod patronatem Ministra Edukacji i Nauki.<\/p>\n\n\n\n<p class=\"has-heading-color has-text-color has-link-color wp-elements-3b7fdd40544a8fe3611472a47314ecc8\">Konkurs&nbsp; adresowany jest do uczni\u00f3w szk\u00f3\u0142 podstawowych (kl. IV-VIII), ponadpodstawowych (lice\u00f3w i technik\u00f3w). Jego celem jest wykorzystanie i pobudzanie tw\u00f3rczych zdolno\u015bci dzieci i m\u0142odzie\u017cy. Tematem zg\u0142oszonego do konkursu pomys\u0142u mo\u017ce by\u0107 dowolne rozwi\u0105zanie, polegaj\u0105ce na udoskonaleniu istniej\u0105cego lub opracowanie projektu nowego, maj\u0105cego cechy oryginalno\u015bci.<\/p>\n\n\n\n<p class=\"has-heading-color has-text-color has-link-color wp-elements-642caaf82c599cf898c870faf5fb1aaa\">Efekty poprzednich edycji Konkursu dowodz\u0105, \u017ce warto kontynuowa\u0107 jego rozwijanie. M\u0142odzie\u017c wykazuje si\u0119 du\u017cymi zdolno\u015bciami. W sukcesach uczni\u00f3w nale\u017cy podkre\u015bli\u0107 rol\u0119 pasjonat\u00f3w &#8211; nauczycieli, promotor\u00f3w zg\u0142aszanych projekt\u00f3w, dzi\u0119ki kt\u00f3rych zaanga\u017cowaniu konkurs ci\u0105gle si\u0119 rozwija. Konkurs zak\u0142ada dzia\u0142ania zespo\u0142owe, uczy wsp\u00f3lnie realizowa\u0107 zadania, a tym samym organizacji i odpowiedzialno\u015bci. Jednoczy dzieci wok\u00f3\u0142 wsp\u00f3lnego celu. Wielu dotychczasowych uczestnik\u00f3w wykaza\u0142o si\u0119 techniczn\u0105 wyobra\u017ani\u0105, a nagrodzone i wyr\u00f3\u017cnione prace odznacza\u0142y si\u0119 oryginalno\u015bci\u0105.<\/p>\n\n\n\n<p class=\"has-heading-color has-text-color has-link-color wp-elements-39416ec67a88357f352f370443e708ea\">Na uroczysty fina\u0142 zapraszani s\u0105 autorzy najciekawszych prac wraz ze swymi opiekunami.&nbsp; Nauczycielom prowadz\u0105cym najlepsze prace w ka\u017cdej kategorii s\u0105 wr\u0119czane dyplomy i nagrody rzeczowe ufundowane przez sponsor\u00f3w. Prace laureat\u00f3w s\u0105 staraniem Stowarzyszenia Polskich Wynalazc\u00f3w i Racjonalizator\u00f3w prezentowane podczas mi\u0119dzynarodowej wystawy wynalazk\u00f3w \u201eIWIS\u201d.<\/p>\n\n\n\n<p><\/p>\n\n\n\n<p class=\"has-heading-color has-text-color has-link-color has-extra-large-font-size wp-elements-364f660be544a83a0a8176d689890484\"><strong>&#8222;Radomski Laur Techniki&#8221;<\/strong><\/p>\n\n\n\n<p class=\"has-heading-color has-text-color has-link-color wp-elements-0b2204aec63efb0dff61c8acb989f26b\">Bardzo liczne radomskie \u015brodowisko techniczne, skupione przy Radomskiej Radzie Federacji Stowarzysze\u0144 Naukowo Technicznych NOT w trakcie wielu dyskusji uzna\u0142o za celowe wyr\u00f3\u017cnianie ludzi aktywnie wspieraj\u0105cych i promuj\u0105cych post\u0119p techniczny. W tym celu podj\u0119to ju\u017c w 2008 r. dzia\u0142ania w celu ustanowienia specjalnej nagrody \u015brodowiska technicznego. W rezultacie tych dzia\u0142a\u0144 zosta\u0142a ustanowiona przez Radomsk\u0105 Rad\u0119 Federacji Stowarzysze\u0144 Naukowo Technicznych NOT nagroda &#8222;RADOMSKI LAUR TECHNIKI&#8221; dla wspierania i promowania post\u0119pu technicznego i wyr\u00f3\u017cniania ludzi go tworz\u0105cych w regionie radomskim.<\/p>\n\n\n\n<p class=\"has-heading-color has-text-color has-link-color wp-elements-45cf698d962621be6e3f707acd6dc928\">Nagroda przyznawana jest w formie statuetki, medalu lub dyplomu uznania w kategorii:<\/p>\n\n\n\n<p class=\"has-heading-color has-text-color has-link-color wp-elements-235ffba2a68e361cf5e2b6c403b8a423\"><strong>INNOWACJE<\/strong>; przyznawana za tworzenie nowych rozwi\u0105za\u0144 i wdra\u017canie innowacji technicznych w r\u00f3\u017cnej formule, szczeg\u00f3lnie w sektorze ma\u0142ych, \u015brednich przedsi\u0119biorstw, instytucji i gospodarstw rolnych.<\/p>\n\n\n\n<p class=\"has-heading-color has-text-color has-link-color wp-elements-4ec85039622ad281779165f9c7e2531f\"><strong>PRODUKT, US\u0141UGA ROKU<\/strong>&nbsp;przyznawana za osi\u0105gni\u0119cia w zakresie&nbsp;jako\u015bci i wysokich standard\u00f3w w dzia\u0142alno\u015bci gospodarczej: produkcyjnej, us\u0142ugowej, handlowej i proekologicznej na rynku regionalnym i krajowym.<\/p>\n\n\n\n<p class=\"has-heading-color has-text-color has-link-color wp-elements-e82032079b42178796ae1cbdec94789a\"><strong>AKTYWNE DZIA\u0141ANIE<\/strong>; przyznawana za wybitne osi\u0105gni\u0119cia w pracy na rzecz organizacji notowskiej oraz wspieranie post\u0119pu technicznego i organizacyjnego w regionie radomskim.<\/p>\n\n\n\n<p class=\"has-heading-color has-text-color has-link-color wp-elements-701c2373f22afc8c6b78a48c1f194248\"><strong>NAUKA I O\u015aWIATA<\/strong>; przyznawana za szczeg\u00f3lne osi\u0105gni\u0119cia w dziedzinie nauki i o\u015bwiaty na rzecz innowacji i edukacji technicznej.<\/p>\n\n\n\n<p><\/p>\n\n\n\n<p class=\"has-heading-color has-text-color has-link-color has-extra-large-font-size wp-elements-db71e50086de4ba3fb61240f1a8a9dc6\"><strong>PRIZE CHARGER<\/strong><\/p>\n\n\n\n<p class=\"has-heading-color has-text-color has-link-color wp-elements-e37623dc65647edf09ecace6f2290035\">Radomska Rada FSNT NOT jako Ambasador Regionalny wojew\u00f3dztwa mazowieckiego zaprasza do udzia\u0142u w II edycji og\u00f3lnopolskiego cyklu edukacyjno-turniejowego&nbsp;<em>Prize Charger<\/em>&nbsp;&#8222;Wod\u00f3r \u2013 energia przysz\u0142o\u015bci&#8221;. Jest to innowacyjna inicjatywa, kt\u00f3rej celem jest popularyzacja wiedzy o wodorze w kontek\u015bcie paliwa alternatywnego oraz budowa spo\u0142ecze\u0144stwa opartego na wiedzy i nowoczesnych technologiach.<\/p>\n\n\n\n<p class=\"has-heading-color has-text-color has-link-color wp-elements-5ff014c3257cd0c4c7084bc27f54e84e\">Udzia\u0142 w Prize Charge mo\u017ce wzi\u0105\u0107 ka\u017cdy, kto uko\u0144czy\u0142 15. rok \u017cycia. Na uczestnik\u00f3w czekaj\u0105&nbsp;materia\u0142y edukacyjne dost\u0119pne na platformie&nbsp;<a href=\"http:\/\/www.prizecharger.com\/\">www.prizecharger.com<\/a>, na podstawie kt\u00f3rych opracowane zostan\u0105 pytania konkursowe.&nbsp;<em>Prize Charger<\/em>&nbsp;to nie tylko edukacja \u2013 to r\u00f3wnie\u017c inspiracja m\u0142odych ludzi (i nie tylko) do rozwoju oraz mo\u017cliwo\u015b\u0107 nawi\u0105zania kontakt\u00f3w z przedstawicielami nauki i przemys\u0142u. Uczestnictwo w tegorocznym cyklu edukacyjno-turniejowym mo\u017ce by\u0107 pierwszym krokiem do rozpocz\u0119cia kariery w sektorze energetycznym, technologicznym czy badawczym.<\/p>\n\n\n\n<p class=\"has-heading-color has-text-color has-link-color wp-elements-eac7f45912c97852907d117fd727cc9c\">Wa\u017cne daty:<\/p>\n\n\n\n<p class=\"has-heading-color has-text-color has-link-color wp-elements-d3f198e8f1792ca422239f2e32320790\">\u00b7&nbsp;&nbsp;&nbsp;&nbsp;&nbsp;&nbsp;Aktywacja systemu rejestracyjnego: 1 maja 2025 r.<\/p>\n\n\n\n<p class=\"has-heading-color has-text-color has-link-color wp-elements-97cbd147fce2ec9ff9f2e99b16f5239f\">\u00b7&nbsp;&nbsp;&nbsp;&nbsp;&nbsp;&nbsp;Zako\u0144czenie procesu rejestracji: 12 pa\u017adziernika 2025 r.<\/p>\n\n\n\n<p class=\"has-heading-color has-text-color has-link-color wp-elements-106d763fef5e0996aba4d429e4fffb4f\">\u00b7&nbsp;&nbsp;&nbsp;&nbsp;&nbsp;&nbsp;Eliminacje online: 16 pa\u017adziernika 2025 r.<\/p>\n\n\n\n<p class=\"has-heading-color has-text-color has-link-color wp-elements-50793b4df1505ab94d71f360c9673a32\">\u00b7&nbsp;&nbsp;&nbsp;&nbsp;&nbsp;&nbsp;Fina\u0142y regionalne: 20 pa\u017adziernika 2025 r.<\/p>\n\n\n\n<p class=\"has-heading-color has-text-color has-link-color wp-elements-e02f094d6a168e8bd69d543b9b8dc8a6\">\u00b7&nbsp;&nbsp;&nbsp;&nbsp;&nbsp;&nbsp;P\u00f3\u0142fina\u0142\/Fina\u0142 og\u00f3lnopolski w AGH Krak\u00f3w<\/p>\n\n\n\n<figure class=\"wp-block-image size-large is-resized\"><img loading=\"lazy\" decoding=\"async\" width=\"722\" height=\"1024\" src=\"https:\/\/www.dominot.pl\/wp-content\/uploads\/2025\/08\/image-1-722x1024.png\" alt=\"\" class=\"wp-image-189\" style=\"width:424px;height:auto\" srcset=\"https:\/\/www.dominot.pl\/wp-content\/uploads\/2025\/08\/image-1-722x1024.png 722w, https:\/\/www.dominot.pl\/wp-content\/uploads\/2025\/08\/image-1-212x300.png 212w, https:\/\/www.dominot.pl\/wp-content\/uploads\/2025\/08\/image-1-768x1089.png 768w, https:\/\/www.dominot.pl\/wp-content\/uploads\/2025\/08\/image-1-1084x1536.png 1084w, https:\/\/www.dominot.pl\/wp-content\/uploads\/2025\/08\/image-1.png 1411w\" sizes=\"auto, (max-width: 722px) 100vw, 722px\" \/><\/figure>\n","protected":false},"excerpt":{"rendered":"<p>Podejmij wyzwanie i poka\u017c nam swoje talenty techniczne Konkurs odbywa si\u0119 pod patronatem Ministra Edukacji i Nauki. Konkurs&nbsp; adresowany jest do uczni\u00f3w szk\u00f3\u0142 podstawowych (kl. IV-VIII), ponadpodstawowych (lice\u00f3w i technik\u00f3w). Jego celem jest wykorzystanie i pobudzanie tw\u00f3rczych zdolno\u015bci dzieci i m\u0142odzie\u017cy. Tematem zg\u0142oszonego do konkursu pomys\u0142u mo\u017ce by\u0107 dowolne rozwi\u0105zanie, polegaj\u0105ce na udoskonaleniu istniej\u0105cego lub&hellip; <a class=\"continue\" href=\"https:\/\/www.dominot.pl\/index.php\/inne-konkursy-organizowane-przez-not\/\">Continue Reading<span> Inne konkursy organizowane przez NOT<\/span><\/a><\/p>\n","protected":false},"author":1,"featured_media":0,"parent":0,"menu_order":0,"comment_status":"closed","ping_status":"closed","template":"","meta":{"footnotes":""},"class_list":["post-132","page","type-page","status-publish","hentry"],"_links":{"self":[{"href":"https:\/\/www.dominot.pl\/index.php\/wp-json\/wp\/v2\/pages\/132","targetHints":{"allow":["GET"]}}],"collection":[{"href":"https:\/\/www.dominot.pl\/index.php\/wp-json\/wp\/v2\/pages"}],"about":[{"href":"https:\/\/www.dominot.pl\/index.php\/wp-json\/wp\/v2\/types\/page"}],"author":[{"embeddable":true,"href":"https:\/\/www.dominot.pl\/index.php\/wp-json\/wp\/v2\/users\/1"}],"replies":[{"embeddable":true,"href":"https:\/\/www.dominot.pl\/index.php\/wp-json\/wp\/v2\/comments?post=132"}],"version-history":[{"count":5,"href":"https:\/\/www.dominot.pl\/index.php\/wp-json\/wp\/v2\/pages\/132\/revisions"}],"predecessor-version":[{"id":270,"href":"https:\/\/www.dominot.pl\/index.php\/wp-json\/wp\/v2\/pages\/132\/revisions\/270"}],"wp:attachment":[{"href":"https:\/\/www.dominot.pl\/index.php\/wp-json\/wp\/v2\/media?parent=132"}],"curies":[{"name":"wp","href":"https:\/\/api.w.org\/{rel}","templated":true}]}}